{"id":260,"date":"2021-02-27T08:33:29","date_gmt":"2021-02-27T07:33:29","guid":{"rendered":"https:\/\/www.sdhceskabriza.cz\/?page_id=260"},"modified":"2021-02-27T08:36:33","modified_gmt":"2021-02-27T07:36:33","slug":"rok-2020","status":"publish","type":"page","link":"https:\/\/www.sdhceskabriza.cz\/?page_id=260","title":{"rendered":"Rok 2020"},"content":{"rendered":"\n<p>11. ledna jsme se v\u0161ichni se\u0161li na v\u00fdro\u010dn\u00ed valn\u00e9 hromad\u011b na\u0161eho sboru v&nbsp;m\u00edstn\u00edm kulturn\u00edm s\u00e1le obce. \u00da\u010dast byla vysok\u00e1 nejen ze strany \u010dlen\u016f sboru, ale i n\u00e1v\u0161t\u011bv ze sp\u0159\u00e1telen\u00fdch sbor\u016f okoln\u00edch obc\u00ed. Z&nbsp;d\u016fvodu, \u017ee leto\u0161n\u00ed v\u00fdro\u010dn\u00ed valn\u00e1 hromada sboru byla volebn\u00ed, nav\u0161t\u00edvila n\u00e1s starostka okresn\u00edho sdru\u017een\u00ed hasi\u010d\u016f Plze\u0148-sever p\u00ed. Foldov\u00e1, aby dohl\u00e9dla na pr\u016fb\u011bh valn\u00e9 hromady. Byla velmi spokojen\u00e1 a schv\u00e1lila n\u00e1s za na\u0161i \u010dinnost.<\/p>\n\n\n\n<p>Na t\u00e9to valn\u00e9 hromad\u011b jsme si zvolili nov\u00e9 veden\u00ed SDH ve slo\u017een\u00ed:<\/p>\n\n\n\n<p><\/p>\n\n\n\n<figure class=\"wp-block-table\"><table><tbody><tr><td>Starosta SDH&nbsp;&nbsp;&nbsp;&nbsp;&nbsp;&nbsp;&nbsp;&nbsp;&nbsp;&nbsp;&nbsp;&nbsp;&nbsp;&nbsp;&nbsp;&nbsp;&nbsp;&nbsp;&nbsp;&nbsp;<\/td><td>Macek Ji\u0159\u00ed<\/td><\/tr><tr><td>N\u00e1m\u011bstek starosty SDH&nbsp;&nbsp;&nbsp;&nbsp;&nbsp;<\/td><td>\u0160afa\u0159\u00edk Josef<\/td><\/tr><tr><td>Velitel SDH&nbsp;&nbsp;&nbsp;&nbsp;&nbsp;&nbsp;&nbsp;&nbsp;&nbsp;&nbsp;&nbsp;&nbsp;&nbsp;&nbsp;&nbsp;&nbsp;&nbsp;&nbsp;&nbsp;&nbsp;&nbsp;&nbsp;<\/td><td>\u0160kubal Karel ml.<\/td><\/tr><tr><td>Jednatel SDH&nbsp;&nbsp;&nbsp;&nbsp;&nbsp;&nbsp;&nbsp;&nbsp;&nbsp;&nbsp;&nbsp;&nbsp;&nbsp;&nbsp;&nbsp;&nbsp;&nbsp;&nbsp;&nbsp;<\/td><td>Sommer Petr<\/td><\/tr><tr><td>Hospod\u00e1\u0159 SDH&nbsp;&nbsp;&nbsp;&nbsp;&nbsp;&nbsp;&nbsp;&nbsp;&nbsp;&nbsp;&nbsp;&nbsp;&nbsp;&nbsp;&nbsp;&nbsp;&nbsp;&nbsp;&nbsp;<\/td><td>Pond\u011bl\u00edk Milan<\/td><\/tr><\/tbody><\/table><\/figure>\n\n\n\n<p>2. \u00fanora jsme op\u011bt uspo\u0159\u00e1dali pro d\u011bti ma\u0161karn\u00ed b\u00e1l. Celkem p\u0159i\u0161lo 65 d\u011bt\u00ed v\u00a0doprovodu sv\u00fdch rodi\u010d\u016f. B\u011bhem cel\u00e9ho odpoledne bylo pro d\u011bti p\u0159ipraveno velk\u00e9 mno\u017estv\u00ed nejr\u016fzn\u011bj\u0161\u00edch sout\u011b\u017e\u00ed, za kter\u00e9 dost\u00e1valy bohat\u00e9 odm\u011bny.<\/p>\n\n\n\n<p>7. b\u0159ezna jsme m\u011bli velkou brig\u00e1du u hasi\u010dsk\u00e9 zbrojnice. Uklidili jsme cel\u00e9 okol\u00ed zbrojnice a hlavn\u011b jsme o\u0159ezali v\u0161echny stromy, kter\u00e9 ji\u017e zasahovaly do elektrick\u00fdch dr\u00e1t\u016f.<\/p>\n\n\n\n<p>O v\u00edkendu 7. a 8. b\u0159ezna prob\u011bhlo v&nbsp;Man\u011bt\u00edn\u011b \u0161kolen\u00ed vedouc\u00edch kolektiv\u016f mlad\u00fdch hasi\u010d\u016f. Pan Josef \u0160afa\u0159\u00edk zde obh\u00e1jil ji\u017e d\u0159\u00edve ud\u011blenou kvalifikaci II. vedouc\u00ed, p. Ladislav Plevka, p\u00ed. Jitka Rollingerov\u00e1 a p\u00ed. Michaela Duchoslavov\u00e1 zde z\u00edskali kvalifikaci III. minimum.<\/p>\n\n\n\n<p>Z&nbsp;d\u016fvodu, \u017ee v&nbsp;n\u00e1sleduj\u00edc\u00edch dnech, m\u011bs\u00edc\u00edch postihla na\u0161i celou republiku pandemie v&nbsp;podob\u011b onemocn\u011bn\u00ed COVID-19, byli jsme nuceni omezit, d\u00e1 se \u0159\u00edci, \u017ee \u00fapln\u011b zastavit, ve\u0161kerou na\u0161i \u010dinnost.<\/p>\n\n\n\n<p>Nicm\u00e9n\u011b n\u00e1s tato skute\u010dnost a\u017e tak \u00fapln\u011b neochromila a proto jsme se, za finan\u010dn\u00ed podpory na\u0161eho obecn\u00edho \u00fa\u0159adu a spolupr\u00e1ce se stavebn\u00ed firmou, pustili do celkov\u00e9 rekonstrukce na\u0161\u00ed hasi\u010dsk\u00e9 zbrojnice. Prob\u011bhla v\u00fdm\u011bna st\u00e1vaj\u00edc\u00edch vrat na v\u00fdsuvn\u00e1 a celkov\u00e1 oprava podlah, st\u011bn a elektrick\u00fdch rozvod\u016f v&nbsp;cel\u00e9 zbrojnici.<\/p>\n\n\n\n<p>D\u00e1le se n\u00e1m v&nbsp;dob\u011b m\u00edrn\u00e9ho rozvoln\u011bn\u00ed povedlo spole\u010dn\u011b s&nbsp;d\u011btmi uspo\u0159\u00e1dat jejich prvn\u00ed velkou \u201eakci\u201c a to pln\u011bn\u00ed odbornost\u00ed a specializac\u00ed mlad\u00fdch hasi\u010d\u016f. V\u0161echny d\u011bti se na toto dob\u0159e p\u0159ipravily a v\u0161echny odbornosti a specializace splnily.<\/p>\n\n\n\n<p>21. \u010dervna jsme se vypravili na prov\u011b\u0159ovac\u00ed cvi\u010den\u00ed, kter\u00e9 spo\u010d\u00edvalo v&nbsp;d\u00e1lkov\u00e9 doprav\u011b vody. Tohoto cvi\u010den\u00ed se z\u00fa\u010dastnilo 5 sbor\u016f a d\u00e1lkov\u00e1 doprava vody prob\u00edhala v&nbsp;d\u00e9lce 1400 m s&nbsp;p\u0159ev\u00fd\u0161en\u00edm 60 metr\u016f.<\/p>\n\n\n\n<p>4. \u010dervence jsme odjeli na sout\u011b\u017e do Chotin\u00e9 u p\u0159\u00edle\u017eitosti 125. v\u00fdro\u010d\u00ed zalo\u017een\u00ed sboru. Dru\u017estvo d\u011bt\u00ed se um\u00edstilo na 3. m\u00edst\u011b, dru\u017estvo \u017een tak\u00e9 3. m\u00edsto a dru\u017estvo mu\u017e\u016f 4. m\u00edsto.<\/p>\n\n\n\n<p>Nadch\u00e1zej\u00edc\u00ed sobotu odjeli n\u011bkte\u0159\u00ed \u010dlenov\u00e9 na\u0161\u00ed v\u00fdjezdov\u00e9 jednotky do Plzn\u011b k&nbsp;obchodn\u00edmu domu Bauhaus, kde spole\u010dn\u011b se zdravotnickou z\u00e1chrannou slu\u017ebou Karlovarsk\u00e9ho kraje p\u0159edvedli div\u00e1k\u016fm z\u00e1chranu zran\u011bn\u00e9ho motork\u00e1\u0159e po dopravn\u00ed nehod\u011b.<\/p>\n\n\n\n<p>Posledn\u00ed akc\u00ed v&nbsp;leto\u0161n\u00edm roce bylo 5. z\u00e1\u0159\u00ed slavnostn\u00ed otev\u0159en\u00ed zrekonstruovan\u00e9 hasi\u010dsk\u00e9 zbrojnice. Akce se n\u00e1m velmi povedla, p\u0159i\u0161lo se pod\u00edvat skoro 100 osob. D\u011bti p\u0159i t\u00e9to p\u0159\u00edle\u017eitosti p\u0159edvedli po\u017e\u00e1rn\u00ed \u00fatoky a n\u00e1sledn\u011b p\u0159ipravily pro ostatn\u00ed d\u011bti drobn\u00e9 dovednostn\u00ed discipl\u00edny, jako bylo nap\u0159. v\u00e1z\u00e1n\u00ed uzl\u016f.<\/p>\n\n\n\n<p>Zbytek roku se bohu\u017eel op\u011bt nesl v \u201educhu\u201c pandemie, kdy byla op\u011bt ve\u0161ker\u00e1 \u010dinnost pozastavena.<\/p>\n","protected":false},"excerpt":{"rendered":"<p>11. ledna jsme se v\u0161ichni se\u0161li na v\u00fdro\u010dn\u00ed valn\u00e9 hromad\u011b na\u0161eho sboru v&nbsp;m\u00edstn\u00edm kulturn\u00edm s\u00e1le obce. \u00da\u010dast byla vysok\u00e1 nejen ze strany \u010dlen\u016f sboru, ale i n\u00e1v\u0161t\u011bv ze sp\u0159\u00e1telen\u00fdch sbor\u016f okoln\u00edch obc\u00ed. Z&nbsp;d\u016fvodu, \u017ee leto\u0161n\u00ed v\u00fdro\u010dn\u00ed valn\u00e1 hromada sboru byla volebn\u00ed, nav\u0161t\u00edvila n\u00e1s starostka okresn\u00edho sdru\u017een\u00ed hasi\u010d\u016f Plze\u0148-sever p\u00ed. Foldov\u00e1, aby dohl\u00e9dla na pr\u016fb\u011bh valn\u00e9 &hellip; <a href=\"https:\/\/www.sdhceskabriza.cz\/?page_id=260\">Continue reading <span class=\"meta-nav\">&rarr;<\/span><\/a><\/p>\n","protected":false},"author":1,"featured_media":0,"parent":0,"menu_order":0,"comment_status":"closed","ping_status":"closed","template":"","meta":[],"_links":{"self":[{"href":"https:\/\/www.sdhceskabriza.cz\/index.php?rest_route=\/wp\/v2\/pages\/260"}],"collection":[{"href":"https:\/\/www.sdhceskabriza.cz\/index.php?rest_route=\/wp\/v2\/pages"}],"about":[{"href":"https:\/\/www.sdhceskabriza.cz\/index.php?rest_route=\/wp\/v2\/types\/page"}],"author":[{"embeddable":true,"href":"https:\/\/www.sdhceskabriza.cz\/index.php?rest_route=\/wp\/v2\/users\/1"}],"replies":[{"embeddable":true,"href":"https:\/\/www.sdhceskabriza.cz\/index.php?rest_route=%2Fwp%2Fv2%2Fcomments&post=260"}],"version-history":[{"count":2,"href":"https:\/\/www.sdhceskabriza.cz\/index.php?rest_route=\/wp\/v2\/pages\/260\/revisions"}],"predecessor-version":[{"id":265,"href":"https:\/\/www.sdhceskabriza.cz\/index.php?rest_route=\/wp\/v2\/pages\/260\/revisions\/265"}],"wp:attachment":[{"href":"https:\/\/www.sdhceskabriza.cz\/index.php?rest_route=%2Fwp%2Fv2%2Fmedia&parent=260"}],"curies":[{"name":"wp","href":"https:\/\/api.w.org\/{rel}","templated":true}]}}